{"id":74,"date":"2021-08-11T11:13:55","date_gmt":"2021-08-11T09:13:55","guid":{"rendered":"https:\/\/konstantinkrimmel.com\/?page_id=74"},"modified":"2023-07-17T20:47:53","modified_gmt":"2023-07-17T18:47:53","slug":"termine_alt","status":"publish","type":"page","link":"https:\/\/konstantinkrimmel.com\/en\/termine_alt\/","title":{"rendered":"Termine_alt"},"content":{"rendered":"<p>[et_pb_section fb_built=&#8220;1&#8243; fullwidth=&#8220;on&#8220; _builder_version=&#8220;4.10.3&#8243; _module_preset=&#8220;default&#8220; height_tablet=&#8220;&#8220; height_phone=&#8220;&#8220; height_last_edited=&#8220;on|phone&#8220; global_module=&#8220;329&#8243; global_colors_info=&#8220;{}&#8220;][et_pb_fullwidth_header _builder_version=&#8220;4.16&#8243; _module_preset=&#8220;default&#8220; title_font=&#8220;Bodoni Moda||||||||&#8220; title_text_align=&#8220;center&#8220; title_font_size=&#8220;64px&#8220; title_line_height=&#8220;3em&#8220; background_enable_color=&#8220;off&#8220; background_image=&#8220;https:\/\/konstantinkrimmel.com\/wp-content\/uploads\/2021\/10\/Konstantin-Krimmel_Header-scaled.jpg&#8220; parallax=&#8220;on&#8220; parallax_method=&#8220;on&#8220; height=&#8220;638px&#8220; global_colors_info=&#8220;{}&#8220;][\/et_pb_fullwidth_header][\/et_pb_section][et_pb_section fb_built=&#8220;1&#8243; _builder_version=&#8220;4.16&#8243; _module_preset=&#8220;default&#8220; background_enable_color=&#8220;off&#8220; global_colors_info=&#8220;{}&#8220;][et_pb_row _builder_version=&#8220;4.16&#8243; _module_preset=&#8220;default&#8220; global_colors_info=&#8220;{}&#8220;][et_pb_column type=&#8220;4_4&#8243; admin_label=&#8220;Spalte&#8220; _builder_version=&#8220;4.16&#8243; _module_preset=&#8220;default&#8220; global_colors_info=&#8220;{}&#8220;][et_pb_text _builder_version=&#8220;4.17.4&#8243; _module_preset=&#8220;default&#8220; header_font=&#8220;||||||||&#8220; header_text_align=&#8220;center&#8220; header_text_color=&#8220;#3E1914&#8243; header_font_size=&#8220;59px&#8220; global_colors_info=&#8220;{}&#8220;]<\/p>\n<h1>Konstantin Krimmel<\/h1>\n<p>[\/et_pb_text][dsm_text_divider header=&#8220;Termine&#8220; color=&#8220;#A41A2B&#8220; _builder_version=&#8220;4.17.4&#8243; _module_preset=&#8220;default&#8220; header_level=&#8220;h2&#8243; header_font=&#8220;||||||||&#8220; header_text_color=&#8220;#3E1914&#8243; header_font_size=&#8220;47px&#8220; global_colors_info=&#8220;{}&#8220;][\/dsm_text_divider][et_pb_text _builder_version=&#8220;4.21.0&#8243; _module_preset=&#8220;default&#8220; header_2_text_color=&#8220;#040404&#8243; header_2_font_size=&#8220;32px&#8220; header_2_line_height=&#8220;1.4em&#8220; header_3_font=&#8220;||||||||&#8220; header_3_text_color=&#8220;#3E1914&#8243; header_3_font_size=&#8220;26px&#8220; transform_translate=&#8220;0px|35px&#8220; transform_translate_linked=&#8220;off&#8220; global_colors_info=&#8220;{}&#8220;]<\/p>\n<h2 style=\"text-align: center;\"><a href=\"#Juli2023\">Juli<\/a> | <a href=\"#August2023\">August<\/a> | <a href=\"#September2023\">September<\/a> | <a href=\"#Oktober2023\">Oktober<\/a> | <a href=\"#November2023\">November<\/a> | <a href=\"#Dezember2023\">Dezember<\/a><\/h2>\n<p>[\/et_pb_text][\/et_pb_column][\/et_pb_row][\/et_pb_section][et_pb_section fb_built=&#8220;1&#8243; admin_label=&#8220;Sektion&#8220; _builder_version=&#8220;4.19.5&#8243; _module_preset=&#8220;default&#8220; background_enable_color=&#8220;off&#8220; global_colors_info=&#8220;{}&#8220;][et_pb_row _builder_version=&#8220;4.16&#8243; _module_preset=&#8220;default&#8220; global_colors_info=&#8220;{}&#8220;][et_pb_column type=&#8220;4_4&#8243; _builder_version=&#8220;4.16&#8243; _module_preset=&#8220;default&#8220; global_colors_info=&#8220;{}&#8220;][dsm_text_divider header=&#8220;Juli 2023&#8243; color=&#8220;#A41A2B&#8220; admin_label=&#8220;Juni2023&#8243; module_id=&#8220;Juli2023&#8243; _builder_version=&#8220;4.19.5&#8243; _module_preset=&#8220;default&#8220; header_font=&#8220;||||||||&#8220; header_font_size=&#8220;26px&#8220; global_colors_info=&#8220;{}&#8220;][\/dsm_text_divider][\/et_pb_column][\/et_pb_row][et_pb_row admin_label=&#8220;Terminmodul&#8220; _builder_version=&#8220;4.18.0&#8243; _module_preset=&#8220;default&#8220; global_colors_info=&#8220;{}&#8220;][et_pb_column type=&#8220;4_4&#8243; _builder_version=&#8220;4.16&#8243; _module_preset=&#8220;default&#8220; global_colors_info=&#8220;{}&#8220;][et_pb_text _builder_version=&#8220;4.20.2&#8243; _module_preset=&#8220;default&#8220; text_font=&#8220;Bodoni Moda Regular||||||||&#8220; text_text_color=&#8220;#3E1914&#8243; text_font_size=&#8220;18px&#8220; global_colors_info=&#8220;{}&#8220;]<\/p>\n<p style=\"text-align: center;\"><strong>08. Juli 2023<\/strong><\/p>\n<p style=\"text-align: center;\">Liederabend | Schubertiade<\/p>\n<p style=\"text-align: center;\">Franz Schubert: Winterreise<\/p>\n<p style=\"text-align: center;\">Am Fl\u00fcgel &#8211; Daniel Heide<\/p>\n<p style=\"text-align: center;\"><strong>Valdegov\u00eda\/Gaubea &#8211; Spanien<\/strong><\/p>\n<p style=\"text-align: center;\"><strong>Esgl\u00e9sia de Tuesta | 20:00 Uhr<\/strong><b><\/b><strong><\/strong><\/p>\n<p>[\/et_pb_text][et_pb_button button_url=&#8220;https:\/\/www.schubertiada.cat\/ca\/concert-krimmel-heide-vg23&#8243; url_new_window=&#8220;on&#8220; button_text=&#8220;Tickets &#038; mehr&#8220; button_alignment=&#8220;center&#8220; _builder_version=&#8220;4.20.2&#8243; _module_preset=&#8220;default&#8220; custom_button=&#8220;on&#8220; button_text_size=&#8220;17px&#8220; button_text_color=&#8220;#3E1914&#8243; button_border_width=&#8220;1px&#8220; button_border_radius=&#8220;2px&#8220; button_font=&#8220;||||||||&#8220; global_colors_info=&#8220;{}&#8220; button_text_color__hover_enabled=&#8220;on|hover&#8220; button_text_color__hover=&#8220;#A41A2B&#8220;][\/et_pb_button][et_pb_divider color=&#8220;#A41A2B&#8220; _builder_version=&#8220;4.16&#8243; _module_preset=&#8220;default&#8220; global_colors_info=&#8220;{}&#8220;][\/et_pb_divider][\/et_pb_column][\/et_pb_row][et_pb_row admin_label=&#8220;Terminmodul&#8220; _builder_version=&#8220;4.18.0&#8243; _module_preset=&#8220;default&#8220; locked=&#8220;off&#8220; global_colors_info=&#8220;{}&#8220;][et_pb_column type=&#8220;4_4&#8243; _builder_version=&#8220;4.16&#8243; _module_preset=&#8220;default&#8220; global_colors_info=&#8220;{}&#8220;][et_pb_text _builder_version=&#8220;4.19.5&#8243; _module_preset=&#8220;default&#8220; text_font=&#8220;Bodoni Moda Regular||||||||&#8220; text_text_color=&#8220;#3E1914&#8243; text_font_size=&#8220;18px&#8220; global_colors_info=&#8220;{}&#8220;]<\/p>\n<p style=\"text-align: center;\"><strong>15. Juli 2023<\/strong><\/p>\n<p style=\"text-align: center;\">M\u00fcnchner Opernfestspiele: Cos\u00ec fan tutte<\/p>\n<p style=\"text-align: center;\">Wolfang Amadeus Mozart<\/p>\n<p style=\"text-align: center;\"><strong>Bayerische Staatsoper &#8211; M\u00fcnchen<\/strong><\/p>\n<p style=\"text-align: center;\"><strong><span>Nationaltheater<\/span>\u00a0<\/strong><strong>| 18:00 Uhr<\/strong><\/p>\n<p>[\/et_pb_text][et_pb_button button_url=&#8220;https:\/\/www.staatsoper.de\/stuecke\/cosi-fan-tutte\/2023-07-15-1800-13437&#8243; url_new_window=&#8220;on&#8220; button_text=&#8220;Tickets &#038; mehr&#8220; button_alignment=&#8220;center&#8220; _builder_version=&#8220;4.19.5&#8243; _module_preset=&#8220;default&#8220; custom_button=&#8220;on&#8220; button_text_size=&#8220;17px&#8220; button_text_color=&#8220;#3E1914&#8243; button_border_width=&#8220;1px&#8220; button_border_radius=&#8220;2px&#8220; button_font=&#8220;||||||||&#8220; global_colors_info=&#8220;{}&#8220; button_text_color__hover_enabled=&#8220;on|hover&#8220; button_text_color__hover=&#8220;#A41A2B&#8220;][\/et_pb_button][et_pb_divider color=&#8220;#A41A2B&#8220; _builder_version=&#8220;4.16&#8243; _module_preset=&#8220;default&#8220; global_colors_info=&#8220;{}&#8220;][\/et_pb_divider][\/et_pb_column][\/et_pb_row][et_pb_row admin_label=&#8220;Terminmodul&#8220; _builder_version=&#8220;4.18.0&#8243; _module_preset=&#8220;default&#8220; locked=&#8220;off&#8220; global_colors_info=&#8220;{}&#8220;][et_pb_column type=&#8220;4_4&#8243; _builder_version=&#8220;4.16&#8243; _module_preset=&#8220;default&#8220; global_colors_info=&#8220;{}&#8220;][et_pb_text _builder_version=&#8220;4.19.5&#8243; _module_preset=&#8220;default&#8220; text_font=&#8220;Bodoni Moda Regular||||||||&#8220; text_text_color=&#8220;#3E1914&#8243; text_font_size=&#8220;18px&#8220; global_colors_info=&#8220;{}&#8220;]<\/p>\n<p style=\"text-align: center;\"><strong>17. Juli 2023<\/strong><\/p>\n<p style=\"text-align: center;\">M\u00fcnchner Opernfestspiele: Cos\u00ec fan tutte<\/p>\n<p style=\"text-align: center;\">Wolfang Amadeus Mozart<\/p>\n<p style=\"text-align: center;\"><strong>Bayerische Staatsoper &#8211; M\u00fcnchen<\/strong><\/p>\n<p style=\"text-align: center;\"><strong><span>Nationaltheater<\/span>\u00a0<\/strong><strong>| 19:00 Uhr<\/strong><\/p>\n<p>[\/et_pb_text][et_pb_button button_url=&#8220;https:\/\/www.staatsoper.de\/stuecke\/cosi-fan-tutte\/2023-07-15-1800-13437&#8243; url_new_window=&#8220;on&#8220; button_text=&#8220;Tickets &#038; mehr&#8220; button_alignment=&#8220;center&#8220; _builder_version=&#8220;4.19.5&#8243; _module_preset=&#8220;default&#8220; custom_button=&#8220;on&#8220; button_text_size=&#8220;17px&#8220; button_text_color=&#8220;#3E1914&#8243; button_border_width=&#8220;1px&#8220; button_border_radius=&#8220;2px&#8220; button_font=&#8220;||||||||&#8220; global_colors_info=&#8220;{}&#8220; button_text_color__hover_enabled=&#8220;on|hover&#8220; button_text_color__hover=&#8220;#A41A2B&#8220;][\/et_pb_button][et_pb_divider color=&#8220;#A41A2B&#8220; _builder_version=&#8220;4.16&#8243; _module_preset=&#8220;default&#8220; global_colors_info=&#8220;{}&#8220;][\/et_pb_divider][\/et_pb_column][\/et_pb_row][et_pb_row admin_label=&#8220;Terminmodul&#8220; _builder_version=&#8220;4.18.0&#8243; _module_preset=&#8220;default&#8220; locked=&#8220;off&#8220; global_colors_info=&#8220;{}&#8220;][et_pb_column type=&#8220;4_4&#8243; _builder_version=&#8220;4.16&#8243; _module_preset=&#8220;default&#8220; global_colors_info=&#8220;{}&#8220;][et_pb_text _builder_version=&#8220;4.19.5&#8243; _module_preset=&#8220;default&#8220; text_font=&#8220;Bodoni Moda Regular||||||||&#8220; text_text_color=&#8220;#3E1914&#8243; text_font_size=&#8220;18px&#8220; global_colors_info=&#8220;{}&#8220;]<\/p>\n<p style=\"text-align: center;\"><strong>19. Juli 2023<\/strong><\/p>\n<p style=\"text-align: center;\">Liederabend<\/p>\n<p style=\"text-align: center;\">Franz Schubert: Schwanengesang<\/p>\n<p style=\"text-align: center;\">Am Fl\u00fcgel &#8211; Malcolm Martineau<\/p>\n<p style=\"text-align: center;\"><strong>London &#8211; UK<\/strong><\/p>\n<p style=\"text-align: center;\"><strong><span>Wigmore Hall<\/span>\u00a0<\/strong><strong>| 19:30 Uhr<\/strong><\/p>\n<p>[\/et_pb_text][et_pb_button button_url=&#8220;https:\/\/wigmore-hall.org.uk\/whats-on\/konstantin-krimmel-malcolm-martineau-202307191930&#8243; url_new_window=&#8220;on&#8220; button_text=&#8220;Tickets &#038; mehr&#8220; button_alignment=&#8220;center&#8220; _builder_version=&#8220;4.19.5&#8243; _module_preset=&#8220;default&#8220; custom_button=&#8220;on&#8220; button_text_size=&#8220;17px&#8220; button_text_color=&#8220;#3E1914&#8243; button_border_width=&#8220;1px&#8220; button_border_radius=&#8220;2px&#8220; button_font=&#8220;||||||||&#8220; global_colors_info=&#8220;{}&#8220; button_text_color__hover_enabled=&#8220;on|hover&#8220; button_text_color__hover=&#8220;#A41A2B&#8220;][\/et_pb_button][et_pb_divider color=&#8220;#A41A2B&#8220; _builder_version=&#8220;4.16&#8243; _module_preset=&#8220;default&#8220; global_colors_info=&#8220;{}&#8220;][\/et_pb_divider][\/et_pb_column][\/et_pb_row][et_pb_row admin_label=&#8220;Terminmodul&#8220; _builder_version=&#8220;4.18.0&#8243; _module_preset=&#8220;default&#8220; locked=&#8220;off&#8220; global_colors_info=&#8220;{}&#8220;][et_pb_column type=&#8220;4_4&#8243; _builder_version=&#8220;4.16&#8243; _module_preset=&#8220;default&#8220; global_colors_info=&#8220;{}&#8220;][et_pb_text _builder_version=&#8220;4.19.5&#8243; _module_preset=&#8220;default&#8220; text_font=&#8220;Bodoni Moda Regular||||||||&#8220; text_text_color=&#8220;#3E1914&#8243; text_font_size=&#8220;18px&#8220; global_colors_info=&#8220;{}&#8220;]<\/p>\n<p style=\"text-align: center;\"><strong>21. Juli 2023<\/strong><\/p>\n<p style=\"text-align: center;\">M\u00fcnchner Opernfestspiele: Liederabend<\/p>\n<p style=\"text-align: center;\">Franz Schubert: Schwanengesang<\/p>\n<p style=\"text-align: center;\">Am Fl\u00fcgel &#8211; Malcolm Martineau<\/p>\n<p style=\"text-align: center;\"><strong>Bayerische Staatsoper &#8211; M\u00fcnchen<\/strong><\/p>\n<p style=\"text-align: center;\"><strong><span>Cuvilli\u00e9s-Theater<\/span>\u00a0<\/strong><strong>| 20:00 Uhr<\/strong><\/p>\n<p>[\/et_pb_text][et_pb_button button_url=&#8220;https:\/\/www.staatsoper.de\/stuecke\/festspiel-liederabend-konstantin-krimmel\/2023-07-21-2000-13632&#8243; url_new_window=&#8220;on&#8220; button_text=&#8220;Tickets &#038; mehr&#8220; button_alignment=&#8220;center&#8220; _builder_version=&#8220;4.19.5&#8243; _module_preset=&#8220;default&#8220; custom_button=&#8220;on&#8220; button_text_size=&#8220;17px&#8220; button_text_color=&#8220;#3E1914&#8243; button_border_width=&#8220;1px&#8220; button_border_radius=&#8220;2px&#8220; button_font=&#8220;||||||||&#8220; global_colors_info=&#8220;{}&#8220; button_text_color__hover_enabled=&#8220;on|hover&#8220; button_text_color__hover=&#8220;#A41A2B&#8220;][\/et_pb_button][et_pb_divider color=&#8220;#A41A2B&#8220; _builder_version=&#8220;4.16&#8243; _module_preset=&#8220;default&#8220; global_colors_info=&#8220;{}&#8220;][\/et_pb_divider][\/et_pb_column][\/et_pb_row][et_pb_row admin_label=&#8220;Terminmodul&#8220; _builder_version=&#8220;4.18.0&#8243; _module_preset=&#8220;default&#8220; locked=&#8220;off&#8220; global_colors_info=&#8220;{}&#8220;][et_pb_column type=&#8220;4_4&#8243; _builder_version=&#8220;4.16&#8243; _module_preset=&#8220;default&#8220; global_colors_info=&#8220;{}&#8220;][et_pb_text _builder_version=&#8220;4.21.0&#8243; _module_preset=&#8220;default&#8220; text_font=&#8220;Bodoni Moda Regular||||||||&#8220; text_text_color=&#8220;#3E1914&#8243; text_font_size=&#8220;18px&#8220; global_colors_info=&#8220;{}&#8220;]<\/p>\n<p style=\"text-align: center;\"><strong>23. Juli 2023<\/strong><\/p>\n<p style=\"text-align: center;\">Rheinvokal Festival: Liederabend<\/p>\n<p style=\"text-align: center;\">Franz Schubert: Schwanengesang<\/p>\n<p style=\"text-align: center;\">Am Fl\u00fcgel &#8211; Malcolm Martineau<\/p>\n<p style=\"text-align: center;\"><strong><span>Remagen<\/span><\/strong><\/p>\n<p style=\"text-align: center;\"><strong><span>Arp Museum Bahnhof Rolandseck | 18:00 Uhr<\/span><\/strong><\/p>\n<p>[\/et_pb_text][et_pb_button button_url=&#8220;https:\/\/www.rheinvokal.de\/konzerte-und-tickets\/konzerte\/konzert-details?konz_id=363&#8243; url_new_window=&#8220;on&#8220; button_text=&#8220;Tickets &#038; mehr&#8220; button_alignment=&#8220;center&#8220; _builder_version=&#8220;4.21.0&#8243; _module_preset=&#8220;default&#8220; custom_button=&#8220;on&#8220; button_text_size=&#8220;17px&#8220; button_text_color=&#8220;#3E1914&#8243; button_border_width=&#8220;1px&#8220; button_border_radius=&#8220;2px&#8220; button_font=&#8220;||||||||&#8220; global_colors_info=&#8220;{}&#8220; button_text_color__hover_enabled=&#8220;on|hover&#8220; button_text_color__hover=&#8220;#A41A2B&#8220;][\/et_pb_button][et_pb_divider color=&#8220;#A41A2B&#8220; _builder_version=&#8220;4.16&#8243; _module_preset=&#8220;default&#8220; global_colors_info=&#8220;{}&#8220;][\/et_pb_divider][\/et_pb_column][\/et_pb_row][et_pb_row admin_label=&#8220;Terminmodul&#8220; _builder_version=&#8220;4.18.0&#8243; _module_preset=&#8220;default&#8220; locked=&#8220;off&#8220; global_colors_info=&#8220;{}&#8220;][et_pb_column type=&#8220;4_4&#8243; _builder_version=&#8220;4.16&#8243; _module_preset=&#8220;default&#8220; global_colors_info=&#8220;{}&#8220;][et_pb_text _builder_version=&#8220;4.19.5&#8243; _module_preset=&#8220;default&#8220; text_font=&#8220;Bodoni Moda Regular||||||||&#8220; text_text_color=&#8220;#3E1914&#8243; text_font_size=&#8220;18px&#8220; global_colors_info=&#8220;{}&#8220;]<\/p>\n<p style=\"text-align: center;\"><strong>26. Juli 2023<\/strong><\/p>\n<p style=\"text-align: center;\">Tiroler Festspiele Erl: Liederabend<\/p>\n<p style=\"text-align: center;\">Franz Schubert: Schwanengesang<\/p>\n<p style=\"text-align: center;\">Am Fl\u00fcgel &#8211; Malcolm Martineau<\/p>\n<p style=\"text-align: center;\"><strong>Erl &#8211; \u00d6sterreich<\/strong><\/p>\n<p style=\"text-align: center;\"><strong>Festspielhaus | 19:00 Uhr<\/strong><\/p>\n<p>[\/et_pb_text][et_pb_button button_url=&#8220;https:\/\/www.tiroler-festspiele.at\/spielplan\/produktion\/schwanengesang-konstantin-krimmel&#8220; url_new_window=&#8220;on&#8220; button_text=&#8220;Tickets &#038; mehr&#8220; button_alignment=&#8220;center&#8220; _builder_version=&#8220;4.19.5&#8243; _module_preset=&#8220;default&#8220; custom_button=&#8220;on&#8220; button_text_size=&#8220;17px&#8220; button_text_color=&#8220;#3E1914&#8243; button_border_width=&#8220;1px&#8220; button_border_radius=&#8220;2px&#8220; button_font=&#8220;||||||||&#8220; global_colors_info=&#8220;{}&#8220; button_text_color__hover_enabled=&#8220;on|hover&#8220; button_text_color__hover=&#8220;#A41A2B&#8220;][\/et_pb_button][et_pb_divider color=&#8220;#A41A2B&#8220; _builder_version=&#8220;4.16&#8243; _module_preset=&#8220;default&#8220; global_colors_info=&#8220;{}&#8220;][\/et_pb_divider][\/et_pb_column][\/et_pb_row][et_pb_row _builder_version=&#8220;4.16&#8243; _module_preset=&#8220;default&#8220; locked=&#8220;off&#8220; global_colors_info=&#8220;{}&#8220;][et_pb_column type=&#8220;4_4&#8243; _builder_version=&#8220;4.16&#8243; _module_preset=&#8220;default&#8220; global_colors_info=&#8220;{}&#8220;][dsm_text_divider header=&#8220;August 2023&#8243; color=&#8220;#A41A2B&#8220; admin_label=&#8220;August2023&#8243; module_id=&#8220;August2023&#8243; _builder_version=&#8220;4.19.5&#8243; _module_preset=&#8220;default&#8220; header_font=&#8220;||||||||&#8220; header_font_size=&#8220;26px&#8220; global_colors_info=&#8220;{}&#8220;][\/dsm_text_divider][\/et_pb_column][\/et_pb_row][et_pb_row admin_label=&#8220;Terminmodul&#8220; _builder_version=&#8220;4.18.0&#8243; _module_preset=&#8220;default&#8220; locked=&#8220;off&#8220; global_colors_info=&#8220;{}&#8220;][et_pb_column type=&#8220;4_4&#8243; _builder_version=&#8220;4.16&#8243; _module_preset=&#8220;default&#8220; global_colors_info=&#8220;{}&#8220;][et_pb_text _builder_version=&#8220;4.21.0&#8243; _module_preset=&#8220;default&#8220; text_font=&#8220;Bodoni Moda Regular||||||||&#8220; text_text_color=&#8220;#3E1914&#8243; text_font_size=&#8220;18px&#8220; global_colors_info=&#8220;{}&#8220;]<\/p>\n<p style=\"text-align: center;\"><strong>19. August 2023<\/strong><\/p>\n<p style=\"text-align: center;\">Schubert\u00edada Vilabertran: Liederabend<\/p>\n<p style=\"text-align: center;\">Franz Schubert<\/p>\n<p style=\"text-align: center;\">Am Fl\u00fcgel &#8211; Marcelo Amaral<\/p>\n<p style=\"text-align: center;\"><strong>Girona<\/strong><\/p>\n<p style=\"text-align: center;\"><strong><span class=\"pl24\">Can\u00f2nica de Santa Maria de Vilabertran | 19:30 Uhr<\/span><\/strong><\/p>\n<div class=\"col-md-3\"><\/div>\n<p>[\/et_pb_text][et_pb_button button_url=&#8220;https:\/\/www.schubertiada.cat\/en\/concert-krimmel-amaral-vb23&#8243; url_new_window=&#8220;on&#8220; button_text=&#8220;Tickets &#038; mehr&#8220; button_alignment=&#8220;center&#8220; _builder_version=&#8220;4.21.0&#8243; _module_preset=&#8220;default&#8220; custom_button=&#8220;on&#8220; button_text_size=&#8220;17px&#8220; button_text_color=&#8220;#3E1914&#8243; button_border_width=&#8220;1px&#8220; button_border_radius=&#8220;2px&#8220; button_font=&#8220;||||||||&#8220; global_colors_info=&#8220;{}&#8220; button_text_color__hover_enabled=&#8220;on|hover&#8220; button_text_color__hover=&#8220;#A41A2B&#8220;][\/et_pb_button][et_pb_divider color=&#8220;#A41A2B&#8220; _builder_version=&#8220;4.16&#8243; _module_preset=&#8220;default&#8220; global_colors_info=&#8220;{}&#8220;][\/et_pb_divider][\/et_pb_column][\/et_pb_row][et_pb_row admin_label=&#8220;Terminmodul&#8220; _builder_version=&#8220;4.18.0&#8243; _module_preset=&#8220;default&#8220; locked=&#8220;off&#8220; global_colors_info=&#8220;{}&#8220;][et_pb_column type=&#8220;4_4&#8243; _builder_version=&#8220;4.16&#8243; _module_preset=&#8220;default&#8220; global_colors_info=&#8220;{}&#8220;][et_pb_text _builder_version=&#8220;4.21.0&#8243; _module_preset=&#8220;default&#8220; text_font=&#8220;Bodoni Moda Regular||||||||&#8220; text_text_color=&#8220;#3E1914&#8243; text_font_size=&#8220;18px&#8220; global_colors_info=&#8220;{}&#8220;]<\/p>\n<p style=\"text-align: center;\"><strong>21. August 2023<\/strong><\/p>\n<p style=\"text-align: center;\">Liederabend<\/p>\n<p class=\"mec-schedule-part\" style=\"text-align: center;\">Ralph Vaughan Williams, Hugo Wolf, Franz Schubert<\/p>\n<p style=\"text-align: center;\">Am Fl\u00fcgel &#8211; Marcelo Amaral<\/p>\n<p style=\"text-align: center;\"><strong>Mondo\u00f1edo<\/strong><\/p>\n<p style=\"text-align: center;\"><strong><span class=\"pl24\"><span>Catedral Bas\u00edlica de la Asunci\u00f3n<\/span> | 21:00 Uhr<\/span><\/strong><\/p>\n<div class=\"col-md-3\"><\/div>\n<p>[\/et_pb_text][et_pb_button button_url=&#8220;https:\/\/festivalbalygay.com\/conciertos\/konstantin-krimmelammiel-2023\/&#8220; url_new_window=&#8220;on&#8220; button_text=&#8220;Tickets &#038; mehr&#8220; button_alignment=&#8220;center&#8220; _builder_version=&#8220;4.21.0&#8243; _module_preset=&#8220;default&#8220; custom_button=&#8220;on&#8220; button_text_size=&#8220;17px&#8220; button_text_color=&#8220;#3E1914&#8243; button_border_width=&#8220;1px&#8220; button_border_radius=&#8220;2px&#8220; button_font=&#8220;||||||||&#8220; global_colors_info=&#8220;{}&#8220; button_text_color__hover_enabled=&#8220;on|hover&#8220; button_text_color__hover=&#8220;#A41A2B&#8220;][\/et_pb_button][et_pb_divider color=&#8220;#A41A2B&#8220; _builder_version=&#8220;4.16&#8243; _module_preset=&#8220;default&#8220; global_colors_info=&#8220;{}&#8220;][\/et_pb_divider][\/et_pb_column][\/et_pb_row][et_pb_row admin_label=&#8220;Terminmodul&#8220; _builder_version=&#8220;4.18.0&#8243; _module_preset=&#8220;default&#8220; locked=&#8220;off&#8220; global_colors_info=&#8220;{}&#8220;][et_pb_column type=&#8220;4_4&#8243; _builder_version=&#8220;4.16&#8243; _module_preset=&#8220;default&#8220; global_colors_info=&#8220;{}&#8220;][et_pb_text _builder_version=&#8220;4.19.5&#8243; _module_preset=&#8220;default&#8220; text_font=&#8220;Bodoni Moda Regular||||||||&#8220; text_text_color=&#8220;#3E1914&#8243; text_font_size=&#8220;18px&#8220; global_colors_info=&#8220;{}&#8220;]<\/p>\n<p style=\"text-align: center;\"><strong>24. August 2023<\/strong><\/p>\n<p style=\"text-align: center;\">Schubertiade: Lunchtime Concert<\/p>\n<p style=\"text-align: center;\">Franz Schubert<\/p>\n<p style=\"text-align: center;\">Am Fl\u00fcgel &#8211; Julius Drake<\/p>\n<p style=\"text-align: center;\"><b>Machynlleth, Wales &#8211; UK<\/b><\/p>\n<p style=\"text-align: center;\"><b>Tabernacl Auditorium | 13:00 Uhr<\/b><\/p>\n<p>[\/et_pb_text][et_pb_button button_url=&#8220;https:\/\/moma.cymru\/en\/e\/schubertiade-lunchtime-concert\/&#8220; url_new_window=&#8220;on&#8220; button_text=&#8220;Termine &#038; mehr&#8220; button_alignment=&#8220;center&#8220; _builder_version=&#8220;4.19.5&#8243; _module_preset=&#8220;default&#8220; custom_button=&#8220;on&#8220; button_text_size=&#8220;17px&#8220; button_text_color=&#8220;#3E1914&#8243; button_border_width=&#8220;1px&#8220; button_border_radius=&#8220;2px&#8220; button_font=&#8220;||||||||&#8220; global_colors_info=&#8220;{}&#8220; button_text_color__hover_enabled=&#8220;on|hover&#8220; button_text_color__hover=&#8220;#A41A2B&#8220;][\/et_pb_button][et_pb_divider color=&#8220;#A41A2B&#8220; _builder_version=&#8220;4.16&#8243; _module_preset=&#8220;default&#8220; global_colors_info=&#8220;{}&#8220;][\/et_pb_divider][\/et_pb_column][\/et_pb_row][et_pb_row admin_label=&#8220;Terminmodul&#8220; _builder_version=&#8220;4.18.0&#8243; _module_preset=&#8220;default&#8220; locked=&#8220;off&#8220; global_colors_info=&#8220;{}&#8220;][et_pb_column type=&#8220;4_4&#8243; _builder_version=&#8220;4.16&#8243; _module_preset=&#8220;default&#8220; global_colors_info=&#8220;{}&#8220;][et_pb_text _builder_version=&#8220;4.20.2&#8243; _module_preset=&#8220;default&#8220; text_font=&#8220;Bodoni Moda Regular||||||||&#8220; text_text_color=&#8220;#3E1914&#8243; text_font_size=&#8220;18px&#8220; global_colors_info=&#8220;{}&#8220;]<\/p>\n<p style=\"text-align: center;\"><strong>28. August 2023<\/strong><\/p>\n<p style=\"text-align: center;\">Schubertiade: Liederabend<\/p>\n<p style=\"text-align: center;\">Franz Schubert<\/p>\n<p style=\"text-align: center;\">Am Fl\u00fcgel &#8211; Julius Drake<\/p>\n<p style=\"text-align: center;\"><strong>Schwarzenberg<\/strong><\/p>\n<p style=\"text-align: center;\"><strong><span>Angelika-Kauffmann-Saal<\/span>\u00a0<\/strong><strong>| 16:00 Uhr<\/strong><\/p>\n<p>[\/et_pb_text][et_pb_button button_url=&#8220;https:\/\/www.schubertiade.at\/en\/produktionen\/konstantin-krimmel-julius-drake-mathias-johansen.html?ID_Vorstellung=3037&#038;m=373&#8243; url_new_window=&#8220;on&#8220; button_text=&#8220;Tickets &#038; mehr&#8220; button_alignment=&#8220;center&#8220; _builder_version=&#8220;4.19.5&#8243; _module_preset=&#8220;default&#8220; custom_button=&#8220;on&#8220; button_text_size=&#8220;17px&#8220; button_text_color=&#8220;#3E1914&#8243; button_border_width=&#8220;1px&#8220; button_border_radius=&#8220;2px&#8220; button_font=&#8220;||||||||&#8220; global_colors_info=&#8220;{}&#8220; button_text_color__hover_enabled=&#8220;on|hover&#8220; button_text_color__hover=&#8220;#A41A2B&#8220;][\/et_pb_button][et_pb_divider color=&#8220;#A41A2B&#8220; _builder_version=&#8220;4.16&#8243; _module_preset=&#8220;default&#8220; global_colors_info=&#8220;{}&#8220;][\/et_pb_divider][\/et_pb_column][\/et_pb_row][et_pb_row _builder_version=&#8220;4.16&#8243; _module_preset=&#8220;default&#8220; locked=&#8220;off&#8220; global_colors_info=&#8220;{}&#8220;][et_pb_column type=&#8220;4_4&#8243; _builder_version=&#8220;4.16&#8243; _module_preset=&#8220;default&#8220; global_colors_info=&#8220;{}&#8220;][dsm_text_divider header=&#8220;September 2023&#8243; color=&#8220;#A41A2B&#8220; admin_label=&#8220;August2023&#8243; module_id=&#8220;September2023&#8243; _builder_version=&#8220;4.21.0&#8243; _module_preset=&#8220;default&#8220; header_font=&#8220;||||||||&#8220; header_font_size=&#8220;26px&#8220; global_colors_info=&#8220;{}&#8220;][\/dsm_text_divider][\/et_pb_column][\/et_pb_row][et_pb_row admin_label=&#8220;Terminmodul&#8220; _builder_version=&#8220;4.18.0&#8243; _module_preset=&#8220;default&#8220; locked=&#8220;off&#8220; global_colors_info=&#8220;{}&#8220;][et_pb_column type=&#8220;4_4&#8243; _builder_version=&#8220;4.16&#8243; _module_preset=&#8220;default&#8220; global_colors_info=&#8220;{}&#8220;][et_pb_text _builder_version=&#8220;4.21.0&#8243; _module_preset=&#8220;default&#8220; text_font=&#8220;Bodoni Moda Regular||||||||&#8220; text_text_color=&#8220;#3E1914&#8243; text_font_size=&#8220;18px&#8220; global_colors_info=&#8220;{}&#8220;]<\/p>\n<p style=\"text-align: center;\"><strong>24. September 2023<\/strong><\/p>\n<p class=\"headline__headline production__headline\" style=\"text-align: center;\">Zauberoper<\/p>\n<p class=\"headline__subtitle\" style=\"text-align: center;\">Werke von Antonio Salieri, Christoph Willibald Gluck, Joseph Haydn, Luigi Boccherini, Paul Wranitzky, Wolfgang Amadeus Mozart<\/p>\n<p class=\"headline__subtitle\" style=\"text-align: center;\">Dirigent: R\u00fcdiger Lotter<\/p>\n<p style=\"text-align: center;\"><strong>Essen<\/strong><\/p>\n<p style=\"text-align: center;\"><strong><span>Philharmonie &#8211; Alfried Krupp Saal<\/span>\u00a0<\/strong><strong>| 19:00 Uhr<\/strong><\/p>\n<p>[\/et_pb_text][et_pb_button button_url=&#8220;https:\/\/www.theater-essen.de\/spielplan\/zauberoper-132573\/8478\/&#8220; url_new_window=&#8220;on&#8220; button_text=&#8220;Tickets &#038; mehr&#8220; button_alignment=&#8220;center&#8220; _builder_version=&#8220;4.21.0&#8243; _module_preset=&#8220;default&#8220; custom_button=&#8220;on&#8220; button_text_size=&#8220;17px&#8220; button_text_color=&#8220;#3E1914&#8243; button_border_width=&#8220;1px&#8220; button_border_radius=&#8220;2px&#8220; button_font=&#8220;||||||||&#8220; global_colors_info=&#8220;{}&#8220; button_text_color__hover_enabled=&#8220;on|hover&#8220; button_text_color__hover=&#8220;#A41A2B&#8220;][\/et_pb_button][et_pb_divider color=&#8220;#A41A2B&#8220; _builder_version=&#8220;4.16&#8243; _module_preset=&#8220;default&#8220; global_colors_info=&#8220;{}&#8220;][\/et_pb_divider][\/et_pb_column][\/et_pb_row][et_pb_row admin_label=&#8220;Terminmodul&#8220; _builder_version=&#8220;4.18.0&#8243; _module_preset=&#8220;default&#8220; locked=&#8220;off&#8220; global_colors_info=&#8220;{}&#8220;][et_pb_column type=&#8220;4_4&#8243; _builder_version=&#8220;4.16&#8243; _module_preset=&#8220;default&#8220; global_colors_info=&#8220;{}&#8220;][et_pb_text _builder_version=&#8220;4.21.0&#8243; _module_preset=&#8220;default&#8220; text_font=&#8220;Bodoni Moda Regular||||||||&#8220; text_text_color=&#8220;#3E1914&#8243; text_font_size=&#8220;18px&#8220; global_colors_info=&#8220;{}&#8220;]<\/p>\n<p style=\"text-align: center;\"><strong>30. September 2023<\/strong><\/p>\n<p class=\"event__title\" style=\"text-align: center;\">Liederabend<\/p>\n<p class=\"headline__subtitle\" style=\"text-align: center;\"><span>Schubert: \u201ePrometheus\u201c, \u201eFahrt zum Hades\u201c, \u201eNachtst\u00fcck\u201c, \u201eAn den Mond\u201c und weitere Lieder<\/span><span><\/span><\/p>\n<p class=\"headline__subtitle\" style=\"text-align: center;\">Am Fl\u00fcgel &#8211; Gerold Huber<\/p>\n<p style=\"text-align: center;\"><strong><span>Schloss Elmau &#8211; Konzertsaal<\/span>\u00a0<\/strong><strong>| 17:00 Uhr<\/strong><\/p>\n<p>[\/et_pb_text][et_pb_button button_url=&#8220;https:\/\/reservations.schloss-elmau.de\/ShowCalendarEvents.aspx&#8220; url_new_window=&#8220;on&#8220; button_text=&#8220;Tickets &#038; mehr&#8220; button_alignment=&#8220;center&#8220; _builder_version=&#8220;4.21.0&#8243; _module_preset=&#8220;default&#8220; custom_button=&#8220;on&#8220; button_text_size=&#8220;17px&#8220; button_text_color=&#8220;#3E1914&#8243; button_border_width=&#8220;1px&#8220; button_border_radius=&#8220;2px&#8220; button_font=&#8220;||||||||&#8220; global_colors_info=&#8220;{}&#8220; button_text_color__hover_enabled=&#8220;on|hover&#8220; button_text_color__hover=&#8220;#A41A2B&#8220;][\/et_pb_button][et_pb_divider color=&#8220;#A41A2B&#8220; _builder_version=&#8220;4.16&#8243; _module_preset=&#8220;default&#8220; global_colors_info=&#8220;{}&#8220;][\/et_pb_divider][\/et_pb_column][\/et_pb_row][et_pb_row _builder_version=&#8220;4.16&#8243; _module_preset=&#8220;default&#8220; locked=&#8220;off&#8220; global_colors_info=&#8220;{}&#8220;][et_pb_column type=&#8220;4_4&#8243; _builder_version=&#8220;4.16&#8243; _module_preset=&#8220;default&#8220; global_colors_info=&#8220;{}&#8220;][dsm_text_divider header=&#8220;Oktober 2023&#8243; color=&#8220;#A41A2B&#8220; admin_label=&#8220;August2023&#8243; module_id=&#8220;Oktober2023&#8243; _builder_version=&#8220;4.21.0&#8243; _module_preset=&#8220;default&#8220; header_font=&#8220;||||||||&#8220; header_font_size=&#8220;26px&#8220; global_colors_info=&#8220;{}&#8220;][\/dsm_text_divider][\/et_pb_column][\/et_pb_row][et_pb_row admin_label=&#8220;Terminmodul&#8220; _builder_version=&#8220;4.18.0&#8243; _module_preset=&#8220;default&#8220; locked=&#8220;off&#8220; global_colors_info=&#8220;{}&#8220;][et_pb_column type=&#8220;4_4&#8243; _builder_version=&#8220;4.16&#8243; _module_preset=&#8220;default&#8220; global_colors_info=&#8220;{}&#8220;][et_pb_text _builder_version=&#8220;4.21.0&#8243; _module_preset=&#8220;default&#8220; text_font=&#8220;Bodoni Moda Regular||||||||&#8220; text_text_color=&#8220;#3E1914&#8243; text_font_size=&#8220;18px&#8220; global_colors_info=&#8220;{}&#8220;]<\/p>\n<p style=\"text-align: center;\"><strong>15. Oktober 2023<\/strong><\/p>\n<p class=\"event__title\" style=\"text-align: center;\">Liederabend<\/p>\n<p class=\"headline__subtitle\" style=\"text-align: center;\">Am Fl\u00fcgel &#8211; Daniel Heide<\/p>\n<p style=\"text-align: center;\"><strong><span>Bad Lauchst\u00e4dt<\/span><\/strong><\/p>\n<p style=\"text-align: center;\"><strong><span>Goethe-Theater &#8211; Historischer Kursaal<\/span>\u00a0<\/strong><strong>| 15:00 Uhr<\/strong><\/p>\n<p>[\/et_pb_text][et_pb_button button_url=&#8220;https:\/\/reservations.schloss-elmau.de\/ShowCalendarEvents.aspx&#8220; url_new_window=&#8220;on&#8220; button_text=&#8220;Tickets &#038; mehr&#8220; button_alignment=&#8220;center&#8220; _builder_version=&#8220;4.21.0&#8243; _module_preset=&#8220;default&#8220; custom_button=&#8220;on&#8220; button_text_size=&#8220;17px&#8220; button_text_color=&#8220;#3E1914&#8243; button_border_width=&#8220;1px&#8220; button_border_radius=&#8220;2px&#8220; button_font=&#8220;||||||||&#8220; global_colors_info=&#8220;{}&#8220; button_text_color__hover_enabled=&#8220;on|hover&#8220; button_text_color__hover=&#8220;#A41A2B&#8220;][\/et_pb_button][et_pb_divider color=&#8220;#A41A2B&#8220; _builder_version=&#8220;4.16&#8243; _module_preset=&#8220;default&#8220; global_colors_info=&#8220;{}&#8220;][\/et_pb_divider][\/et_pb_column][\/et_pb_row][et_pb_row admin_label=&#8220;Terminmodul&#8220; _builder_version=&#8220;4.18.0&#8243; _module_preset=&#8220;default&#8220; locked=&#8220;off&#8220; global_colors_info=&#8220;{}&#8220;][et_pb_column type=&#8220;4_4&#8243; _builder_version=&#8220;4.16&#8243; _module_preset=&#8220;default&#8220; global_colors_info=&#8220;{}&#8220;][et_pb_text _builder_version=&#8220;4.21.0&#8243; _module_preset=&#8220;default&#8220; text_font=&#8220;Bodoni Moda Regular||||||||&#8220; text_text_color=&#8220;#3E1914&#8243; text_font_size=&#8220;18px&#8220; global_colors_info=&#8220;{}&#8220;]<\/p>\n<p style=\"text-align: center;\"><strong>30. Oktober 2023<\/strong><\/p>\n<p style=\"text-align: center;\">Premiere: La Nozze di Figaro<\/p>\n<p style=\"text-align: center;\">Wolfang Amadeus Mozart<\/p>\n<p style=\"text-align: center;\"><strong>Bayerische Staatsoper &#8211; M\u00fcnchen<\/strong><\/p>\n<p style=\"text-align: center;\"><strong><span>Nationaltheater<\/span>\u00a0<\/strong><strong>| 19:00 Uhr<\/strong><\/p>\n<p>[\/et_pb_text][et_pb_button button_url=&#8220;https:\/\/www.staatsoper.de\/stuecke\/le-nozze-di-figaro\/2023-10-30-1900-13975&#8243; url_new_window=&#8220;on&#8220; button_text=&#8220;Tickets &#038; mehr&#8220; button_alignment=&#8220;center&#8220; _builder_version=&#8220;4.21.0&#8243; _module_preset=&#8220;default&#8220; custom_button=&#8220;on&#8220; button_text_size=&#8220;17px&#8220; button_text_color=&#8220;#3E1914&#8243; button_border_width=&#8220;1px&#8220; button_border_radius=&#8220;2px&#8220; button_font=&#8220;||||||||&#8220; global_colors_info=&#8220;{}&#8220; button_text_color__hover_enabled=&#8220;on|hover&#8220; button_text_color__hover=&#8220;#A41A2B&#8220;][\/et_pb_button][et_pb_divider color=&#8220;#A41A2B&#8220; _builder_version=&#8220;4.16&#8243; _module_preset=&#8220;default&#8220; global_colors_info=&#8220;{}&#8220;][\/et_pb_divider][\/et_pb_column][\/et_pb_row][et_pb_row _builder_version=&#8220;4.16&#8243; _module_preset=&#8220;default&#8220; locked=&#8220;off&#8220; global_colors_info=&#8220;{}&#8220;][et_pb_column type=&#8220;4_4&#8243; _builder_version=&#8220;4.16&#8243; _module_preset=&#8220;default&#8220; global_colors_info=&#8220;{}&#8220;][dsm_text_divider header=&#8220;November 2023&#8243; color=&#8220;#A41A2B&#8220; admin_label=&#8220;August2023&#8243; module_id=&#8220;November2023&#8243; _builder_version=&#8220;4.21.0&#8243; _module_preset=&#8220;default&#8220; header_font=&#8220;||||||||&#8220; header_font_size=&#8220;26px&#8220; global_colors_info=&#8220;{}&#8220;][\/dsm_text_divider][\/et_pb_column][\/et_pb_row][et_pb_row admin_label=&#8220;Terminmodul&#8220; _builder_version=&#8220;4.18.0&#8243; _module_preset=&#8220;default&#8220; locked=&#8220;off&#8220; global_colors_info=&#8220;{}&#8220;][et_pb_column type=&#8220;4_4&#8243; _builder_version=&#8220;4.16&#8243; _module_preset=&#8220;default&#8220; global_colors_info=&#8220;{}&#8220;][et_pb_text _builder_version=&#8220;4.21.0&#8243; _module_preset=&#8220;default&#8220; text_font=&#8220;Bodoni Moda Regular||||||||&#8220; text_text_color=&#8220;#3E1914&#8243; text_font_size=&#8220;18px&#8220; global_colors_info=&#8220;{}&#8220;]<\/p>\n<p style=\"text-align: center;\"><strong>01. November 2023<\/strong><\/p>\n<p style=\"text-align: center;\">Premiere: Le Nozze di Figaro<\/p>\n<p style=\"text-align: center;\">Wolfang Amadeus Mozart<\/p>\n<p style=\"text-align: center;\"><strong>Bayerische Staatsoper &#8211; M\u00fcnchen<\/strong><\/p>\n<p style=\"text-align: center;\"><strong><span>Nationaltheater<\/span>\u00a0<\/strong><strong>| 17:00 Uhr<\/strong><\/p>\n<p>[\/et_pb_text][et_pb_button button_url=&#8220;https:\/\/www.staatsoper.de\/stuecke\/le-nozze-di-figaro\/2023-10-30-1900-13975&#8243; url_new_window=&#8220;on&#8220; button_text=&#8220;Tickets &#038; mehr&#8220; button_alignment=&#8220;center&#8220; _builder_version=&#8220;4.21.0&#8243; _module_preset=&#8220;default&#8220; custom_button=&#8220;on&#8220; button_text_size=&#8220;17px&#8220; button_text_color=&#8220;#3E1914&#8243; button_border_width=&#8220;1px&#8220; button_border_radius=&#8220;2px&#8220; button_font=&#8220;||||||||&#8220; global_colors_info=&#8220;{}&#8220; button_text_color__hover_enabled=&#8220;on|hover&#8220; button_text_color__hover=&#8220;#A41A2B&#8220;][\/et_pb_button][et_pb_divider color=&#8220;#A41A2B&#8220; _builder_version=&#8220;4.16&#8243; _module_preset=&#8220;default&#8220; global_colors_info=&#8220;{}&#8220;][\/et_pb_divider][\/et_pb_column][\/et_pb_row][et_pb_row admin_label=&#8220;Terminmodul&#8220; _builder_version=&#8220;4.18.0&#8243; _module_preset=&#8220;default&#8220; locked=&#8220;off&#8220; global_colors_info=&#8220;{}&#8220;][et_pb_column type=&#8220;4_4&#8243; _builder_version=&#8220;4.16&#8243; _module_preset=&#8220;default&#8220; global_colors_info=&#8220;{}&#8220;][et_pb_text _builder_version=&#8220;4.21.0&#8243; _module_preset=&#8220;default&#8220; text_font=&#8220;Bodoni Moda Regular||||||||&#8220; text_text_color=&#8220;#3E1914&#8243; text_font_size=&#8220;18px&#8220; global_colors_info=&#8220;{}&#8220;]<\/p>\n<p style=\"text-align: center;\"><strong>05. November 2023<\/strong><\/p>\n<p style=\"text-align: center;\">Le Nozze di Figaro<\/p>\n<p style=\"text-align: center;\">Wolfang Amadeus Mozart<\/p>\n<p style=\"text-align: center;\"><strong>Bayerische Staatsoper &#8211; M\u00fcnchen<\/strong><\/p>\n<p style=\"text-align: center;\"><strong><span>Nationaltheater<\/span>\u00a0<\/strong><strong>| 18:00 Uhr<\/strong><\/p>\n<p>[\/et_pb_text][et_pb_button button_url=&#8220;https:\/\/www.staatsoper.de\/stuecke\/le-nozze-di-figaro\/2023-10-30-1900-13975&#8243; url_new_window=&#8220;on&#8220; button_text=&#8220;Tickets &#038; mehr&#8220; button_alignment=&#8220;center&#8220; _builder_version=&#8220;4.21.0&#8243; _module_preset=&#8220;default&#8220; custom_button=&#8220;on&#8220; button_text_size=&#8220;17px&#8220; button_text_color=&#8220;#3E1914&#8243; button_border_width=&#8220;1px&#8220; button_border_radius=&#8220;2px&#8220; button_font=&#8220;||||||||&#8220; global_colors_info=&#8220;{}&#8220; button_text_color__hover_enabled=&#8220;on|hover&#8220; button_text_color__hover=&#8220;#A41A2B&#8220;][\/et_pb_button][et_pb_divider color=&#8220;#A41A2B&#8220; _builder_version=&#8220;4.16&#8243; _module_preset=&#8220;default&#8220; global_colors_info=&#8220;{}&#8220;][\/et_pb_divider][\/et_pb_column][\/et_pb_row][et_pb_row admin_label=&#8220;Terminmodul&#8220; _builder_version=&#8220;4.18.0&#8243; _module_preset=&#8220;default&#8220; locked=&#8220;off&#8220; global_colors_info=&#8220;{}&#8220;][et_pb_column type=&#8220;4_4&#8243; _builder_version=&#8220;4.16&#8243; _module_preset=&#8220;default&#8220; global_colors_info=&#8220;{}&#8220;][et_pb_text _builder_version=&#8220;4.21.0&#8243; _module_preset=&#8220;default&#8220; text_font=&#8220;Bodoni Moda Regular||||||||&#8220; text_text_color=&#8220;#3E1914&#8243; text_font_size=&#8220;18px&#8220; global_colors_info=&#8220;{}&#8220;]<\/p>\n<p style=\"text-align: center;\"><strong>09. November 2023<\/strong><\/p>\n<p style=\"text-align: center;\">Le Nozze di Figaro<\/p>\n<p style=\"text-align: center;\">Wolfang Amadeus Mozart<\/p>\n<p style=\"text-align: center;\"><strong>Bayerische Staatsoper &#8211; M\u00fcnchen<\/strong><\/p>\n<p style=\"text-align: center;\"><strong><span>Nationaltheater<\/span>\u00a0<\/strong><strong>| 19:00 Uhr<\/strong><\/p>\n<p>[\/et_pb_text][et_pb_button button_url=&#8220;https:\/\/www.staatsoper.de\/stuecke\/le-nozze-di-figaro\/2023-10-30-1900-13975&#8243; url_new_window=&#8220;on&#8220; button_text=&#8220;Tickets &#038; mehr&#8220; button_alignment=&#8220;center&#8220; _builder_version=&#8220;4.21.0&#8243; _module_preset=&#8220;default&#8220; custom_button=&#8220;on&#8220; button_text_size=&#8220;17px&#8220; button_text_color=&#8220;#3E1914&#8243; button_border_width=&#8220;1px&#8220; button_border_radius=&#8220;2px&#8220; button_font=&#8220;||||||||&#8220; global_colors_info=&#8220;{}&#8220; button_text_color__hover_enabled=&#8220;on|hover&#8220; button_text_color__hover=&#8220;#A41A2B&#8220;][\/et_pb_button][et_pb_divider color=&#8220;#A41A2B&#8220; _builder_version=&#8220;4.16&#8243; _module_preset=&#8220;default&#8220; global_colors_info=&#8220;{}&#8220;][\/et_pb_divider][\/et_pb_column][\/et_pb_row][et_pb_row admin_label=&#8220;Terminmodul&#8220; _builder_version=&#8220;4.18.0&#8243; _module_preset=&#8220;default&#8220; locked=&#8220;off&#8220; global_colors_info=&#8220;{}&#8220;][et_pb_column type=&#8220;4_4&#8243; _builder_version=&#8220;4.16&#8243; _module_preset=&#8220;default&#8220; global_colors_info=&#8220;{}&#8220;][et_pb_text _builder_version=&#8220;4.21.0&#8243; _module_preset=&#8220;default&#8220; text_font=&#8220;Bodoni Moda Regular||||||||&#8220; text_text_color=&#8220;#3E1914&#8243; text_font_size=&#8220;18px&#8220; global_colors_info=&#8220;{}&#8220;]<\/p>\n<p style=\"text-align: center;\"><strong>12. November 2023<\/strong><\/p>\n<p style=\"text-align: center;\">Le Nozze di Figaro<\/p>\n<p style=\"text-align: center;\">Wolfang Amadeus Mozart<\/p>\n<p style=\"text-align: center;\"><strong>Bayerische Staatsoper &#8211; M\u00fcnchen<\/strong><\/p>\n<p style=\"text-align: center;\"><strong><span>Nationaltheater<\/span>\u00a0<\/strong><strong>| 18:00 Uhr<\/strong><\/p>\n<p>[\/et_pb_text][et_pb_button button_url=&#8220;https:\/\/www.staatsoper.de\/stuecke\/le-nozze-di-figaro\/2023-10-30-1900-13975&#8243; url_new_window=&#8220;on&#8220; button_text=&#8220;Tickets &#038; mehr&#8220; button_alignment=&#8220;center&#8220; _builder_version=&#8220;4.21.0&#8243; _module_preset=&#8220;default&#8220; custom_button=&#8220;on&#8220; button_text_size=&#8220;17px&#8220; button_text_color=&#8220;#3E1914&#8243; button_border_width=&#8220;1px&#8220; button_border_radius=&#8220;2px&#8220; button_font=&#8220;||||||||&#8220; global_colors_info=&#8220;{}&#8220; button_text_color__hover_enabled=&#8220;on|hover&#8220; button_text_color__hover=&#8220;#A41A2B&#8220;][\/et_pb_button][et_pb_divider color=&#8220;#A41A2B&#8220; _builder_version=&#8220;4.16&#8243; _module_preset=&#8220;default&#8220; global_colors_info=&#8220;{}&#8220;][\/et_pb_divider][\/et_pb_column][\/et_pb_row][et_pb_row admin_label=&#8220;Terminmodul&#8220; _builder_version=&#8220;4.18.0&#8243; _module_preset=&#8220;default&#8220; locked=&#8220;off&#8220; global_colors_info=&#8220;{}&#8220;][et_pb_column type=&#8220;4_4&#8243; _builder_version=&#8220;4.16&#8243; _module_preset=&#8220;default&#8220; global_colors_info=&#8220;{}&#8220;][et_pb_text _builder_version=&#8220;4.21.0&#8243; _module_preset=&#8220;default&#8220; text_font=&#8220;Bodoni Moda Regular||||||||&#8220; text_text_color=&#8220;#3E1914&#8243; text_font_size=&#8220;18px&#8220; global_colors_info=&#8220;{}&#8220;]<\/p>\n<p style=\"text-align: center;\"><strong>14. November 2023<\/strong><\/p>\n<p style=\"text-align: center;\">Le Nozze di Figaro<\/p>\n<p style=\"text-align: center;\">Wolfang Amadeus Mozart<\/p>\n<p style=\"text-align: center;\"><strong>Bayerische Staatsoper &#8211; M\u00fcnchen<\/strong><\/p>\n<p style=\"text-align: center;\"><strong><span>Nationaltheater<\/span>\u00a0<\/strong><strong>| 19:00 Uhr<\/strong><\/p>\n<p>[\/et_pb_text][et_pb_button button_url=&#8220;https:\/\/www.staatsoper.de\/stuecke\/le-nozze-di-figaro\/2023-10-30-1900-13975&#8243; url_new_window=&#8220;on&#8220; button_text=&#8220;Tickets &#038; mehr&#8220; button_alignment=&#8220;center&#8220; _builder_version=&#8220;4.21.0&#8243; _module_preset=&#8220;default&#8220; custom_button=&#8220;on&#8220; button_text_size=&#8220;17px&#8220; button_text_color=&#8220;#3E1914&#8243; button_border_width=&#8220;1px&#8220; button_border_radius=&#8220;2px&#8220; button_font=&#8220;||||||||&#8220; global_colors_info=&#8220;{}&#8220; button_text_color__hover_enabled=&#8220;on|hover&#8220; button_text_color__hover=&#8220;#A41A2B&#8220;][\/et_pb_button][et_pb_divider color=&#8220;#A41A2B&#8220; _builder_version=&#8220;4.16&#8243; _module_preset=&#8220;default&#8220; global_colors_info=&#8220;{}&#8220;][\/et_pb_divider][\/et_pb_column][\/et_pb_row][et_pb_row admin_label=&#8220;Terminmodul&#8220; _builder_version=&#8220;4.18.0&#8243; _module_preset=&#8220;default&#8220; locked=&#8220;off&#8220; global_colors_info=&#8220;{}&#8220;][et_pb_column type=&#8220;4_4&#8243; _builder_version=&#8220;4.16&#8243; _module_preset=&#8220;default&#8220; global_colors_info=&#8220;{}&#8220;][et_pb_text _builder_version=&#8220;4.21.0&#8243; _module_preset=&#8220;default&#8220; text_font=&#8220;Bodoni Moda Regular||||||||&#8220; text_text_color=&#8220;#3E1914&#8243; text_font_size=&#8220;18px&#8220; global_colors_info=&#8220;{}&#8220;]<\/p>\n<p style=\"text-align: center;\"><strong>23. November 2023<\/strong><\/p>\n<p style=\"text-align: center;\">Brahms&#8216; Requiem<\/p>\n<p style=\"text-align: center;\">Johannes Brahms: Ein deutsches Requiem<\/p>\n<p style=\"text-align: center;\">Dirigent: <span>Sebastian Weigle<\/span><\/p>\n<p style=\"text-align: center;\"><strong>Oslo<\/strong><\/p>\n<p style=\"text-align: center;\"><strong><span>Concert Hall<\/span>\u00a0<\/strong><strong>| 19:00 Uhr<\/strong><\/p>\n<p>[\/et_pb_text][et_pb_button button_url=&#8220;https:\/\/ofo.no\/en\/concerts\/2023-11-23\/brahms-requiem&#8220; url_new_window=&#8220;on&#8220; button_text=&#8220;Tickets &#038; mehr&#8220; button_alignment=&#8220;center&#8220; _builder_version=&#8220;4.21.0&#8243; _module_preset=&#8220;default&#8220; custom_button=&#8220;on&#8220; button_text_size=&#8220;17px&#8220; button_text_color=&#8220;#3E1914&#8243; button_border_width=&#8220;1px&#8220; button_border_radius=&#8220;2px&#8220; button_font=&#8220;||||||||&#8220; global_colors_info=&#8220;{}&#8220; button_text_color__hover_enabled=&#8220;on|hover&#8220; button_text_color__hover=&#8220;#A41A2B&#8220;][\/et_pb_button][et_pb_divider color=&#8220;#A41A2B&#8220; _builder_version=&#8220;4.16&#8243; _module_preset=&#8220;default&#8220; global_colors_info=&#8220;{}&#8220;][\/et_pb_divider][\/et_pb_column][\/et_pb_row][et_pb_row admin_label=&#8220;Terminmodul&#8220; _builder_version=&#8220;4.18.0&#8243; _module_preset=&#8220;default&#8220; locked=&#8220;off&#8220; global_colors_info=&#8220;{}&#8220;][et_pb_column type=&#8220;4_4&#8243; _builder_version=&#8220;4.16&#8243; _module_preset=&#8220;default&#8220; global_colors_info=&#8220;{}&#8220;][et_pb_text _builder_version=&#8220;4.21.0&#8243; _module_preset=&#8220;default&#8220; text_font=&#8220;Bodoni Moda Regular||||||||&#8220; text_text_color=&#8220;#3E1914&#8243; text_font_size=&#8220;18px&#8220; global_colors_info=&#8220;{}&#8220;]<\/p>\n<p style=\"text-align: center;\"><strong>24. November 2023<\/strong><\/p>\n<p style=\"text-align: center;\">Brahms&#8216; Requiem<\/p>\n<p style=\"text-align: center;\">Johannes Brahms: Ein deutsches Requiem<\/p>\n<p style=\"text-align: center;\">Dirigent: <span>Sebastian Weigle<\/span><\/p>\n<p style=\"text-align: center;\"><strong>Oslo<\/strong><\/p>\n<p style=\"text-align: center;\"><strong><span>Concert Hall<\/span>\u00a0<\/strong><strong>| 19:00 Uhr<\/strong><\/p>\n<p>[\/et_pb_text][et_pb_button button_url=&#8220;https:\/\/ofo.no\/en\/concerts\/2023-11-23\/brahms-requiem&#8220; url_new_window=&#8220;on&#8220; button_text=&#8220;Tickets &#038; mehr&#8220; button_alignment=&#8220;center&#8220; _builder_version=&#8220;4.21.0&#8243; _module_preset=&#8220;default&#8220; custom_button=&#8220;on&#8220; button_text_size=&#8220;17px&#8220; button_text_color=&#8220;#3E1914&#8243; button_border_width=&#8220;1px&#8220; button_border_radius=&#8220;2px&#8220; button_font=&#8220;||||||||&#8220; global_colors_info=&#8220;{}&#8220; button_text_color__hover_enabled=&#8220;on|hover&#8220; button_text_color__hover=&#8220;#A41A2B&#8220;][\/et_pb_button][et_pb_divider color=&#8220;#A41A2B&#8220; _builder_version=&#8220;4.16&#8243; _module_preset=&#8220;default&#8220; global_colors_info=&#8220;{}&#8220;][\/et_pb_divider][\/et_pb_column][\/et_pb_row][et_pb_row _builder_version=&#8220;4.16&#8243; _module_preset=&#8220;default&#8220; locked=&#8220;off&#8220; global_colors_info=&#8220;{}&#8220;][et_pb_column type=&#8220;4_4&#8243; _builder_version=&#8220;4.16&#8243; _module_preset=&#8220;default&#8220; global_colors_info=&#8220;{}&#8220;][dsm_text_divider header=&#8220;Dezember 2023&#8243; color=&#8220;#A41A2B&#8220; admin_label=&#8220;August2023&#8243; module_id=&#8220;Dezember2023&#8243; _builder_version=&#8220;4.21.0&#8243; _module_preset=&#8220;default&#8220; header_font=&#8220;||||||||&#8220; header_font_size=&#8220;26px&#8220; global_colors_info=&#8220;{}&#8220;][\/dsm_text_divider][\/et_pb_column][\/et_pb_row][et_pb_row admin_label=&#8220;Terminmodul&#8220; _builder_version=&#8220;4.18.0&#8243; _module_preset=&#8220;default&#8220; locked=&#8220;off&#8220; global_colors_info=&#8220;{}&#8220;][et_pb_column type=&#8220;4_4&#8243; _builder_version=&#8220;4.16&#8243; _module_preset=&#8220;default&#8220; global_colors_info=&#8220;{}&#8220;][et_pb_text _builder_version=&#8220;4.21.0&#8243; _module_preset=&#8220;default&#8220; text_font=&#8220;Bodoni Moda Regular||||||||&#8220; text_text_color=&#8220;#3E1914&#8243; text_font_size=&#8220;18px&#8220; global_colors_info=&#8220;{}&#8220;]<\/p>\n<p style=\"text-align: center;\"><strong>17. Dezember 2023<\/strong><\/p>\n<p style=\"text-align: center;\">Die Zauberfl\u00f6te<\/p>\n<p style=\"text-align: center;\">Wolfang Amadeus Mozart<\/p>\n<p style=\"text-align: center;\"><strong>Bayerische Staatsoper &#8211; M\u00fcnchen<\/strong><\/p>\n<p style=\"text-align: center;\"><strong><span>Nationaltheater<\/span>\u00a0<\/strong><strong>| 19:00 Uhr<\/strong><\/p>\n<p>[\/et_pb_text][et_pb_button button_url=&#8220;https:\/\/www.staatsoper.de\/stuecke\/die-zauberfloete\/2023-12-21-1900-14049&#8243; url_new_window=&#8220;on&#8220; button_text=&#8220;Tickets &#038; mehr&#8220; button_alignment=&#8220;center&#8220; _builder_version=&#8220;4.21.0&#8243; _module_preset=&#8220;default&#8220; custom_button=&#8220;on&#8220; button_text_size=&#8220;17px&#8220; button_text_color=&#8220;#3E1914&#8243; button_border_width=&#8220;1px&#8220; button_border_radius=&#8220;2px&#8220; button_font=&#8220;||||||||&#8220; global_colors_info=&#8220;{}&#8220; button_text_color__hover_enabled=&#8220;on|hover&#8220; button_text_color__hover=&#8220;#A41A2B&#8220;][\/et_pb_button][et_pb_divider color=&#8220;#A41A2B&#8220; _builder_version=&#8220;4.16&#8243; _module_preset=&#8220;default&#8220; global_colors_info=&#8220;{}&#8220;][\/et_pb_divider][\/et_pb_column][\/et_pb_row][et_pb_row admin_label=&#8220;Terminmodul&#8220; _builder_version=&#8220;4.18.0&#8243; _module_preset=&#8220;default&#8220; locked=&#8220;off&#8220; global_colors_info=&#8220;{}&#8220;][et_pb_column type=&#8220;4_4&#8243; _builder_version=&#8220;4.16&#8243; _module_preset=&#8220;default&#8220; global_colors_info=&#8220;{}&#8220;][et_pb_text _builder_version=&#8220;4.21.0&#8243; _module_preset=&#8220;default&#8220; text_font=&#8220;Bodoni Moda Regular||||||||&#8220; text_text_color=&#8220;#3E1914&#8243; text_font_size=&#8220;18px&#8220; global_colors_info=&#8220;{}&#8220;]<\/p>\n<p style=\"text-align: center;\"><strong>19. Dezember 2023<\/strong><\/p>\n<p style=\"text-align: center;\">Die Zauberfl\u00f6te<\/p>\n<p style=\"text-align: center;\">Wolfang Amadeus Mozart<\/p>\n<p style=\"text-align: center;\"><strong>Bayerische Staatsoper &#8211; M\u00fcnchen<\/strong><\/p>\n<p style=\"text-align: center;\"><strong><span>Nationaltheater<\/span>\u00a0<\/strong><strong>| 19:00 Uhr<\/strong><\/p>\n<p>[\/et_pb_text][et_pb_button button_url=&#8220;https:\/\/www.staatsoper.de\/stuecke\/die-zauberfloete\/2023-12-21-1900-14049&#8243; url_new_window=&#8220;on&#8220; button_text=&#8220;Tickets &#038; mehr&#8220; button_alignment=&#8220;center&#8220; _builder_version=&#8220;4.21.0&#8243; _module_preset=&#8220;default&#8220; custom_button=&#8220;on&#8220; button_text_size=&#8220;17px&#8220; button_text_color=&#8220;#3E1914&#8243; button_border_width=&#8220;1px&#8220; button_border_radius=&#8220;2px&#8220; button_font=&#8220;||||||||&#8220; global_colors_info=&#8220;{}&#8220; button_text_color__hover_enabled=&#8220;on|hover&#8220; button_text_color__hover=&#8220;#A41A2B&#8220;][\/et_pb_button][et_pb_divider color=&#8220;#A41A2B&#8220; _builder_version=&#8220;4.16&#8243; _module_preset=&#8220;default&#8220; global_colors_info=&#8220;{}&#8220;][\/et_pb_divider][\/et_pb_column][\/et_pb_row][et_pb_row admin_label=&#8220;Terminmodul&#8220; _builder_version=&#8220;4.18.0&#8243; _module_preset=&#8220;default&#8220; locked=&#8220;off&#8220; global_colors_info=&#8220;{}&#8220;][et_pb_column type=&#8220;4_4&#8243; _builder_version=&#8220;4.16&#8243; _module_preset=&#8220;default&#8220; global_colors_info=&#8220;{}&#8220;][et_pb_text _builder_version=&#8220;4.21.0&#8243; _module_preset=&#8220;default&#8220; text_font=&#8220;Bodoni Moda Regular||||||||&#8220; text_text_color=&#8220;#3E1914&#8243; text_font_size=&#8220;18px&#8220; global_colors_info=&#8220;{}&#8220;]<\/p>\n<p style=\"text-align: center;\"><strong>21. Dezember 2023<\/strong><\/p>\n<p style=\"text-align: center;\">Die Zauberfl\u00f6te<\/p>\n<p style=\"text-align: center;\">Wolfang Amadeus Mozart<\/p>\n<p style=\"text-align: center;\"><strong>Bayerische Staatsoper &#8211; M\u00fcnchen<\/strong><\/p>\n<p style=\"text-align: center;\"><strong><span>Nationaltheater<\/span>\u00a0<\/strong><strong>| 19:00 Uhr<\/strong><\/p>\n<p>[\/et_pb_text][et_pb_button button_url=&#8220;https:\/\/www.staatsoper.de\/stuecke\/die-zauberfloete\/2023-12-21-1900-14049&#8243; url_new_window=&#8220;on&#8220; button_text=&#8220;Tickets &#038; mehr&#8220; button_alignment=&#8220;center&#8220; _builder_version=&#8220;4.21.0&#8243; _module_preset=&#8220;default&#8220; custom_button=&#8220;on&#8220; button_text_size=&#8220;17px&#8220; button_text_color=&#8220;#3E1914&#8243; button_border_width=&#8220;1px&#8220; button_border_radius=&#8220;2px&#8220; button_font=&#8220;||||||||&#8220; global_colors_info=&#8220;{}&#8220; button_text_color__hover_enabled=&#8220;on|hover&#8220; button_text_color__hover=&#8220;#A41A2B&#8220;][\/et_pb_button][et_pb_divider color=&#8220;#A41A2B&#8220; _builder_version=&#8220;4.16&#8243; _module_preset=&#8220;default&#8220; global_colors_info=&#8220;{}&#8220;][\/et_pb_divider][\/et_pb_column][\/et_pb_row][et_pb_row admin_label=&#8220;Terminmodul&#8220; _builder_version=&#8220;4.18.0&#8243; _module_preset=&#8220;default&#8220; locked=&#8220;off&#8220; global_colors_info=&#8220;{}&#8220;][et_pb_column type=&#8220;4_4&#8243; _builder_version=&#8220;4.16&#8243; _module_preset=&#8220;default&#8220; global_colors_info=&#8220;{}&#8220;][et_pb_text _builder_version=&#8220;4.21.0&#8243; _module_preset=&#8220;default&#8220; text_font=&#8220;Bodoni Moda Regular||||||||&#8220; text_text_color=&#8220;#3E1914&#8243; text_font_size=&#8220;18px&#8220; global_colors_info=&#8220;{}&#8220;]<\/p>\n<p style=\"text-align: center;\"><strong>23. Dezember 2023<\/strong><\/p>\n<p style=\"text-align: center;\">Weihnachtsoratorium<\/p>\n<p style=\"text-align: center;\">Johann Sebastian Bach<\/p>\n<p style=\"text-align: center;\">Dirigent &#8211; Kent Nagano<\/p>\n<p style=\"text-align: center;\"><strong>M\u00fcnchen<\/strong><\/p>\n<p style=\"text-align: center;\"><strong><span>Isarphilharmonie<\/span> <\/strong><strong>| 19:30 Uhr<\/strong><\/p>\n<p>[\/et_pb_text][et_pb_button button_url=&#8220;https:\/\/www.muenchenmusik.de\/mm\/veranstaltungen\/bach-weihnachtsoratorium-231223&#8243; url_new_window=&#8220;on&#8220; button_text=&#8220;Tickets &#038; mehr&#8220; button_alignment=&#8220;center&#8220; _builder_version=&#8220;4.21.0&#8243; _module_preset=&#8220;default&#8220; custom_button=&#8220;on&#8220; button_text_size=&#8220;17px&#8220; button_text_color=&#8220;#3E1914&#8243; button_border_width=&#8220;1px&#8220; button_border_radius=&#8220;2px&#8220; button_font=&#8220;||||||||&#8220; global_colors_info=&#8220;{}&#8220; button_text_color__hover_enabled=&#8220;on|hover&#8220; button_text_color__hover=&#8220;#A41A2B&#8220;][\/et_pb_button][et_pb_divider color=&#8220;#A41A2B&#8220; _builder_version=&#8220;4.16&#8243; _module_preset=&#8220;default&#8220; global_colors_info=&#8220;{}&#8220;][\/et_pb_divider][\/et_pb_column][\/et_pb_row][et_pb_row admin_label=&#8220;Terminmodul&#8220; _builder_version=&#8220;4.18.0&#8243; _module_preset=&#8220;default&#8220; locked=&#8220;off&#8220; global_colors_info=&#8220;{}&#8220;][et_pb_column type=&#8220;4_4&#8243; _builder_version=&#8220;4.16&#8243; _module_preset=&#8220;default&#8220; global_colors_info=&#8220;{}&#8220;][et_pb_text _builder_version=&#8220;4.21.0&#8243; _module_preset=&#8220;default&#8220; text_font=&#8220;Bodoni Moda Regular||||||||&#8220; text_text_color=&#8220;#3E1914&#8243; text_font_size=&#8220;18px&#8220; global_colors_info=&#8220;{}&#8220;]<\/p>\n<p style=\"text-align: center;\"><strong>27. Dezember 2023<\/strong><\/p>\n<p style=\"text-align: center;\">Die Zauberfl\u00f6te<\/p>\n<p style=\"text-align: center;\">Wolfang Amadeus Mozart<\/p>\n<p style=\"text-align: center;\"><strong>Bayerische Staatsoper &#8211; M\u00fcnchen<\/strong><\/p>\n<p style=\"text-align: center;\"><strong><span>Nationaltheater<\/span>\u00a0<\/strong><strong>| 18:00 Uhr<\/strong><\/p>\n<p>[\/et_pb_text][et_pb_button button_url=&#8220;https:\/\/www.staatsoper.de\/stuecke\/die-zauberfloete\/2023-12-21-1900-14049&#8243; url_new_window=&#8220;on&#8220; button_text=&#8220;Tickets &#038; mehr&#8220; button_alignment=&#8220;center&#8220; _builder_version=&#8220;4.21.0&#8243; _module_preset=&#8220;default&#8220; custom_button=&#8220;on&#8220; button_text_size=&#8220;17px&#8220; button_text_color=&#8220;#3E1914&#8243; button_border_width=&#8220;1px&#8220; button_border_radius=&#8220;2px&#8220; button_font=&#8220;||||||||&#8220; global_colors_info=&#8220;{}&#8220; button_text_color__hover_enabled=&#8220;on|hover&#8220; button_text_color__hover=&#8220;#A41A2B&#8220;][\/et_pb_button][et_pb_divider color=&#8220;#A41A2B&#8220; _builder_version=&#8220;4.16&#8243; _module_preset=&#8220;default&#8220; global_colors_info=&#8220;{}&#8220;][\/et_pb_divider][\/et_pb_column][\/et_pb_row][et_pb_row admin_label=&#8220;Terminmodul&#8220; _builder_version=&#8220;4.18.0&#8243; _module_preset=&#8220;default&#8220; locked=&#8220;off&#8220; global_colors_info=&#8220;{}&#8220;][et_pb_column type=&#8220;4_4&#8243; _builder_version=&#8220;4.16&#8243; _module_preset=&#8220;default&#8220; global_colors_info=&#8220;{}&#8220;][et_pb_text _builder_version=&#8220;4.21.0&#8243; _module_preset=&#8220;default&#8220; text_font=&#8220;Bodoni Moda Regular||||||||&#8220; text_text_color=&#8220;#3E1914&#8243; text_font_size=&#8220;18px&#8220; global_colors_info=&#8220;{}&#8220;]<\/p>\n<p style=\"text-align: center;\"><strong>30. Dezember 2023<\/strong><\/p>\n<p style=\"text-align: center;\">Die Zauberfl\u00f6te<\/p>\n<p style=\"text-align: center;\">Wolfang Amadeus Mozart<\/p>\n<p style=\"text-align: center;\"><strong>Bayerische Staatsoper &#8211; M\u00fcnchen<\/strong><\/p>\n<p style=\"text-align: center;\"><strong><span>Nationaltheater<\/span>\u00a0<\/strong><strong>| 16:00 Uhr<\/strong><\/p>\n<p>[\/et_pb_text][et_pb_button button_url=&#8220;https:\/\/www.staatsoper.de\/stuecke\/die-zauberfloete\/2023-12-21-1900-14049&#8243; url_new_window=&#8220;on&#8220; button_text=&#8220;Tickets &#038; mehr&#8220; button_alignment=&#8220;center&#8220; _builder_version=&#8220;4.21.0&#8243; _module_preset=&#8220;default&#8220; custom_button=&#8220;on&#8220; button_text_size=&#8220;17px&#8220; button_text_color=&#8220;#3E1914&#8243; button_border_width=&#8220;1px&#8220; button_border_radius=&#8220;2px&#8220; button_font=&#8220;||||||||&#8220; global_colors_info=&#8220;{}&#8220; button_text_color__hover_enabled=&#8220;on|hover&#8220; button_text_color__hover=&#8220;#A41A2B&#8220;][\/et_pb_button][et_pb_divider color=&#8220;#A41A2B&#8220; _builder_version=&#8220;4.16&#8243; _module_preset=&#8220;default&#8220; global_colors_info=&#8220;{}&#8220;][\/et_pb_divider][\/et_pb_column][\/et_pb_row][et_pb_row admin_label=&#8220;Button &#8211; Termine&#8220; _builder_version=&#8220;4.16&#8243; _module_preset=&#8220;default&#8220; global_colors_info=&#8220;{}&#8220;][et_pb_column type=&#8220;4_4&#8243; _builder_version=&#8220;4.16&#8243; _module_preset=&#8220;default&#8220; global_colors_info=&#8220;{}&#8220;][et_pb_button button_url=&#8220;https:\/\/www.ks-gasteig.de\/de\/krimmel-termine&#8220; button_text=&#8220;Mehr Termine&#8220; button_alignment=&#8220;center&#8220; _builder_version=&#8220;4.17.4&#8243; _module_preset=&#8220;default&#8220; custom_button=&#8220;on&#8220; button_text_size=&#8220;17px&#8220; button_text_color=&#8220;#3E1914&#8243; button_border_width=&#8220;1px&#8220; button_border_radius=&#8220;2px&#8220; button_font=&#8220;||||||||&#8220; global_colors_info=&#8220;{}&#8220; button_text_color__hover_enabled=&#8220;on|hover&#8220; button_text_color__hover=&#8220;#A41A2B&#8220;][\/et_pb_button][\/et_pb_column][\/et_pb_row][\/et_pb_section]<\/p>\n","protected":false},"excerpt":{"rendered":"<p>Konstantin Krimmel<div class=\"et_pb_module dsm_text_divider dsm_text_divider_0\">\n\t\t\t\t\n\t\t\t\t\n\t\t\t\t\n\t\t\t\t\n\t\t\t\t\n\t\t\t\t\n\t\t\t\t<div class=\"et_pb_module_inner\">\n\t\t\t\t\t<div class=\"dsm-text-divider-wrapper dsm-text-divider-align-center et_pb_bg_layout_light\">\n\t\t\t\t\n\t\t\t\t\n\t\t\t\t<div class=\"dsm-text-divider-before dsm-divider\"><\/div>\n\t\t\t\t<h2 class=\"dsm-text-divider-header et_pb_module_header\"><span>Termine<\/span><\/h2>\n\t\t\t\t<div class=\"dsm-text-divider-after dsm-divider\"><\/div>\n\t\t\t<\/div>\n\t\t\t\t<\/div>\n\t\t\t<\/div>Juli | August | September | Oktober | November | Dezember<div id=\"Juli2023\" class=\"et_pb_module dsm_text_divider dsm_text_divider_1\">\n\t\t\t\t\n\t\t\t\t\n\t\t\t\t\n\t\t\t\t\n\t\t\t\t\n\t\t\t\t\n\t\t\t\t<div class=\"et_pb_module_inner\">\n\t\t\t\t\t<div id=\"Juli2023\" class=\"dsm-text-divider-wrapper dsm-text-divider-align-center et_pb_bg_layout_light\">\n\t\t\t\t\n\t\t\t\t\n\t\t\t\t<div class=\"dsm-text-divider-before dsm-divider\"><\/div>\n\t\t\t\t<h3 class=\"dsm-text-divider-header et_pb_module_header\"><span>Juli 2023<\/span><\/h3>\n\t\t\t\t<div class=\"dsm-text-divider-after dsm-divider\"><\/div>\n\t\t\t<\/div>\n\t\t\t\t<\/div>\n\t\t\t<\/div>08. Juli 2023 Liederabend | Schubertiade Franz Schubert: Winterreise Am Fl\u00fcgel &#8211; Daniel Heide Valdegov\u00eda\/Gaubea &#8211; Spanien Esgl\u00e9sia de Tuesta | 20:00 Uhr15. Juli 2023 M\u00fcnchner Opernfestspiele: Cos\u00ec fan tutte Wolfang Amadeus Mozart Bayerische Staatsoper &#8211; M\u00fcnchen Nationaltheater\u00a0| 18:00 Uhr17. Juli 2023 M\u00fcnchner Opernfestspiele: Cos\u00ec fan tutte Wolfang Amadeus Mozart Bayerische Staatsoper &#8211; M\u00fcnchen Nationaltheater\u00a0| 19:00 Uhr19. Juli 2023 Liederabend Franz Schubert: Schwanengesang Am Fl\u00fcgel &#8211; Malcolm Martineau London &#8211; UK Wigmore Hall\u00a0| 19:30 Uhr21. Juli 2023 M\u00fcnchner Opernfestspiele: Liederabend Franz Schubert: Schwanengesang Am Fl\u00fcgel &#8211; Malcolm Martineau Bayerische Staatsoper &#8211; M\u00fcnchen Cuvilli\u00e9s-Theater\u00a0| 20:00 Uhr23. Juli 2023 Rheinvokal Festival: Liederabend Franz Schubert: Schwanengesang Am Fl\u00fcgel &#8211; Malcolm Martineau Remagen Arp Museum Bahnhof Rolandseck | 18:00 Uhr26. Juli 2023 Tiroler Festspiele Erl: Liederabend Franz Schubert: Schwanengesang Am Fl\u00fcgel &#8211; Malcolm Martineau Erl &#8211; \u00d6sterreich Festspielhaus | 19:00 Uhr<div id=\"August2023\" class=\"et_pb_module dsm_text_divider dsm_text_divider_2\">\n\t\t\t\t\n\t\t\t\t\n\t\t\t\t\n\t\t\t\t\n\t\t\t\t\n\t\t\t\t\n\t\t\t\t<div class=\"et_pb_module_inner\">\n\t\t\t\t\t<div id=\"August2023\" class=\"dsm-text-divider-wrapper dsm-text-divider-align-center et_pb_bg_layout_light\">\n\t\t\t\t\n\t\t\t\t\n\t\t\t\t<div class=\"dsm-text-divider-before dsm-divider\"><\/div>\n\t\t\t\t<h3 class=\"dsm-text-divider-header et_pb_module_header\"><span>August 2023<\/span><\/h3>\n\t\t\t\t<div class=\"dsm-text-divider-after dsm-divider\"><\/div>\n\t\t\t<\/div>\n\t\t\t\t<\/div>\n\t\t\t<\/div>19. August 2023 Schubert\u00edada Vilabertran: Liederabend Franz Schubert Am Fl\u00fcgel &#8211; Marcelo Amaral Girona Can\u00f2nica de Santa Maria de Vilabertran | 19:30 Uhr 21. [&hellip;]<\/p>\n","protected":false},"author":1,"featured_media":0,"parent":0,"menu_order":0,"comment_status":"closed","ping_status":"closed","template":"","meta":{"_et_pb_use_builder":"on","_et_pb_old_content":"","_et_gb_content_width":"","footnotes":""},"class_list":["post-74","page","type-page","status-publish","hentry"],"yoast_head":"<!-- This site is optimized with the Yoast SEO plugin v27.3 - https:\/\/yoast.com\/product\/yoast-seo-wordpress\/ -->\n<title>Termine_alt - Konstantin Krimmel Kalender<\/title>\n<meta name=\"description\" content=\"Termine von Konstantin Krimmel: Er ist Bariton, Opern- und Lieds\u00e4nger und Mitglied der Bayrischen Staatsoper. Hier die aktuellen Termine.\" \/>\n<meta name=\"robots\" content=\"index, follow, max-snippet:-1, max-image-preview:large, max-video-preview:-1\" \/>\n<link rel=\"canonical\" href=\"https:\/\/konstantinkrimmel.com\/en\/termine_alt\/\" \/>\n<meta property=\"og:locale\" content=\"en_GB\" \/>\n<meta property=\"og:type\" content=\"article\" \/>\n<meta property=\"og:title\" content=\"Termine_alt - Konstantin Krimmel Kalender\" \/>\n<meta property=\"og:description\" content=\"Termine von Konstantin Krimmel: Er ist Bariton, Opern- und Lieds\u00e4nger und Mitglied der Bayrischen Staatsoper. Hier die aktuellen Termine.\" \/>\n<meta property=\"og:url\" content=\"https:\/\/konstantinkrimmel.com\/en\/termine_alt\/\" \/>\n<meta property=\"og:site_name\" content=\"Konstantin Krimmel\" \/>\n<meta property=\"article:modified_time\" content=\"2023-07-17T18:47:53+00:00\" \/>\n<meta name=\"twitter:card\" content=\"summary_large_image\" \/>\n<meta name=\"twitter:label1\" content=\"Estimated reading time\" \/>\n\t<meta name=\"twitter:data1\" content=\"6 minutes\" \/>\n<script type=\"application\/ld+json\" class=\"yoast-schema-graph\">{\"@context\":\"https:\\\/\\\/schema.org\",\"@graph\":[{\"@type\":\"WebPage\",\"@id\":\"https:\\\/\\\/konstantinkrimmel.com\\\/termine_alt\\\/\",\"url\":\"https:\\\/\\\/konstantinkrimmel.com\\\/termine_alt\\\/\",\"name\":\"Termine_alt - Konstantin Krimmel Kalender\",\"isPartOf\":{\"@id\":\"https:\\\/\\\/konstantinkrimmel.com\\\/#website\"},\"datePublished\":\"2021-08-11T09:13:55+00:00\",\"dateModified\":\"2023-07-17T18:47:53+00:00\",\"description\":\"Termine von Konstantin Krimmel: Er ist Bariton, Opern- und Lieds\u00e4nger und Mitglied der Bayrischen Staatsoper. Hier die aktuellen Termine.\",\"breadcrumb\":{\"@id\":\"https:\\\/\\\/konstantinkrimmel.com\\\/termine_alt\\\/#breadcrumb\"},\"inLanguage\":\"en-GB\",\"potentialAction\":[{\"@type\":\"ReadAction\",\"target\":[\"https:\\\/\\\/konstantinkrimmel.com\\\/termine_alt\\\/\"]}]},{\"@type\":\"BreadcrumbList\",\"@id\":\"https:\\\/\\\/konstantinkrimmel.com\\\/termine_alt\\\/#breadcrumb\",\"itemListElement\":[{\"@type\":\"ListItem\",\"position\":1,\"name\":\"Startseite\",\"item\":\"https:\\\/\\\/konstantinkrimmel.com\\\/\"},{\"@type\":\"ListItem\",\"position\":2,\"name\":\"Termine_alt\"}]},{\"@type\":\"WebSite\",\"@id\":\"https:\\\/\\\/konstantinkrimmel.com\\\/#website\",\"url\":\"https:\\\/\\\/konstantinkrimmel.com\\\/\",\"name\":\"Konstantin Krimmel\",\"description\":\"Opera Singer | Bariton\",\"potentialAction\":[{\"@type\":\"SearchAction\",\"target\":{\"@type\":\"EntryPoint\",\"urlTemplate\":\"https:\\\/\\\/konstantinkrimmel.com\\\/?s={search_term_string}\"},\"query-input\":{\"@type\":\"PropertyValueSpecification\",\"valueRequired\":true,\"valueName\":\"search_term_string\"}}],\"inLanguage\":\"en-GB\"}]}<\/script>\n<!-- \/ Yoast SEO plugin. -->","yoast_head_json":{"title":"Termine_alt - Konstantin Krimmel Kalender","description":"Termine von Konstantin Krimmel: Er ist Bariton, Opern- und Lieds\u00e4nger und Mitglied der Bayrischen Staatsoper. Hier die aktuellen Termine.","robots":{"index":"index","follow":"follow","max-snippet":"max-snippet:-1","max-image-preview":"max-image-preview:large","max-video-preview":"max-video-preview:-1"},"canonical":"https:\/\/konstantinkrimmel.com\/en\/termine_alt\/","og_locale":"en_GB","og_type":"article","og_title":"Termine_alt - Konstantin Krimmel Kalender","og_description":"Termine von Konstantin Krimmel: Er ist Bariton, Opern- und Lieds\u00e4nger und Mitglied der Bayrischen Staatsoper. Hier die aktuellen Termine.","og_url":"https:\/\/konstantinkrimmel.com\/en\/termine_alt\/","og_site_name":"Konstantin Krimmel","article_modified_time":"2023-07-17T18:47:53+00:00","twitter_card":"summary_large_image","twitter_misc":{"Estimated reading time":"6 minutes"},"schema":{"@context":"https:\/\/schema.org","@graph":[{"@type":"WebPage","@id":"https:\/\/konstantinkrimmel.com\/termine_alt\/","url":"https:\/\/konstantinkrimmel.com\/termine_alt\/","name":"Termine_alt - Konstantin Krimmel Kalender","isPartOf":{"@id":"https:\/\/konstantinkrimmel.com\/#website"},"datePublished":"2021-08-11T09:13:55+00:00","dateModified":"2023-07-17T18:47:53+00:00","description":"Termine von Konstantin Krimmel: Er ist Bariton, Opern- und Lieds\u00e4nger und Mitglied der Bayrischen Staatsoper. Hier die aktuellen Termine.","breadcrumb":{"@id":"https:\/\/konstantinkrimmel.com\/termine_alt\/#breadcrumb"},"inLanguage":"en-GB","potentialAction":[{"@type":"ReadAction","target":["https:\/\/konstantinkrimmel.com\/termine_alt\/"]}]},{"@type":"BreadcrumbList","@id":"https:\/\/konstantinkrimmel.com\/termine_alt\/#breadcrumb","itemListElement":[{"@type":"ListItem","position":1,"name":"Startseite","item":"https:\/\/konstantinkrimmel.com\/"},{"@type":"ListItem","position":2,"name":"Termine_alt"}]},{"@type":"WebSite","@id":"https:\/\/konstantinkrimmel.com\/#website","url":"https:\/\/konstantinkrimmel.com\/","name":"Konstantin Krimmel","description":"Opera Singer | Bariton","potentialAction":[{"@type":"SearchAction","target":{"@type":"EntryPoint","urlTemplate":"https:\/\/konstantinkrimmel.com\/?s={search_term_string}"},"query-input":{"@type":"PropertyValueSpecification","valueRequired":true,"valueName":"search_term_string"}}],"inLanguage":"en-GB"}]}},"_links":{"self":[{"href":"https:\/\/konstantinkrimmel.com\/en\/wp-json\/wp\/v2\/pages\/74","targetHints":{"allow":["GET"]}}],"collection":[{"href":"https:\/\/konstantinkrimmel.com\/en\/wp-json\/wp\/v2\/pages"}],"about":[{"href":"https:\/\/konstantinkrimmel.com\/en\/wp-json\/wp\/v2\/types\/page"}],"author":[{"embeddable":true,"href":"https:\/\/konstantinkrimmel.com\/en\/wp-json\/wp\/v2\/users\/1"}],"replies":[{"embeddable":true,"href":"https:\/\/konstantinkrimmel.com\/en\/wp-json\/wp\/v2\/comments?post=74"}],"version-history":[{"count":0,"href":"https:\/\/konstantinkrimmel.com\/en\/wp-json\/wp\/v2\/pages\/74\/revisions"}],"wp:attachment":[{"href":"https:\/\/konstantinkrimmel.com\/en\/wp-json\/wp\/v2\/media?parent=74"}],"curies":[{"name":"wp","href":"https:\/\/api.w.org\/{rel}","templated":true}]}}